{"id":1196,"date":"2022-02-24T18:13:15","date_gmt":"2022-02-24T16:13:15","guid":{"rendered":"https:\/\/augustabarcelona.com\/home\/"},"modified":"2024-04-19T09:13:50","modified_gmt":"2024-04-19T07:13:50","slug":"home","status":"publish","type":"page","link":"https:\/\/augustabarcelona.com\/fr","title":{"rendered":"Home"},"content":{"rendered":"\n<div class=\"wp-block-group alignwide barraPrin is-layout-flow wp-block-group-is-layout-flow\"><div class=\"wp-block-group__inner-container\">\n<div class=\"wp-block-columns alignfull is-layout-flex wp-container-core-columns-is-layout-28f84493 wp-block-columns-is-layout-flex\">\n<div class=\"wp-block-column is-layout-flow wp-block-column-is-layout-flow\" style=\"flex-basis:20%\"><\/div>\n\n\n\n<div class=\"wp-block-column is-layout-flow wp-block-column-is-layout-flow\" style=\"flex-basis:80%\">\n<div class=\"sliderHme wp-swiper sliderHme sliderHme\"><div class=\"wp-swiper__wrapper\"><div class=\"swiper-container swiper\" data-swiper=\"{&quot;data-slidesperview&quot;:&quot;1&quot;,&quot;data-navigation&quot;:false,&quot;data-pagination&quot;:false,&quot;data-autoplay&quot;:true,&quot;data-delay&quot;:4000,&quot;data-speed&quot;:4000,&quot;data-loop&quot;:true,&quot;data-effect&quot;:&quot;fade&quot;,&quot;data-direction&quot;:&quot;horizontal&quot;,&quot;data-freemode&quot;:false,&quot;data-autoheight&quot;:true,&quot;data-spacebetween&quot;:0,&quot;data-mousewheel&quot;:false,&quot;data-releaseonedges&quot;:false,&quot;data-paginationtype&quot;:&quot;bullets&quot;}\" data-slidesperview=\"1\" data-navigation=\"false\" data-pagination=\"false\" data-autoplay=\"true\" data-delay=\"4000\" data-speed=\"4000\" data-loop=\"true\" data-effect=\"fade\" data-direction=\"horizontal\" data-freemode=\"false\" data-autoheight=\"true\" data-spacebetween=\"0\" data-mousewheel=\"false\" data-releaseonedges=\"false\" data-paginationtype=\"bullets\"><div class=\"swiper-wrapper\">\n<div data-tab=\"slide-1\" class=\"wp-swiper__slide swiper-slide\"><div class=\"wp-swiper__overlay-color\" style=\"background-color:rgba(0, 0, 0, 0)\"><\/div><div class=\"wp-swiper__slide-content\" style=\"max-width:100%\">\n<figure class=\"wp-block-image size-large\"><img loading=\"lazy\" decoding=\"async\" width=\"1024\" height=\"683\" src=\"https:\/\/augustabarcelona.com\/wp-content\/uploads\/2021\/12\/slide-01-1024x683.jpg\" alt=\"\" class=\"wp-image-271\" srcset=\"https:\/\/augustabarcelona.com\/wp-content\/uploads\/2021\/12\/slide-01-1024x683.jpg 1024w, https:\/\/augustabarcelona.com\/wp-content\/uploads\/2021\/12\/slide-01-300x200.jpg 300w, https:\/\/augustabarcelona.com\/wp-content\/uploads\/2021\/12\/slide-01-768x512.jpg 768w, https:\/\/augustabarcelona.com\/wp-content\/uploads\/2021\/12\/slide-01-1536x1024.jpg 1536w, https:\/\/augustabarcelona.com\/wp-content\/uploads\/2021\/12\/slide-01.jpg 1680w\" sizes=\"auto, (max-width: 1024px) 100vw, 1024px\" \/><\/figure>\n<\/div><\/div>\n\n\n\n<div data-tab=\"slide-2\" class=\"wp-swiper__slide swiper-slide\"><div class=\"wp-swiper__overlay-color\" style=\"background-color:rgba(0, 0, 0, 0)\"><\/div><div class=\"wp-swiper__slide-content\" style=\"max-width:100%\">\n<figure class=\"wp-block-image size-large\"><img loading=\"lazy\" decoding=\"async\" width=\"1024\" height=\"683\" src=\"https:\/\/augustabarcelona.com\/wp-content\/uploads\/2021\/12\/slide-02-1024x683.jpg\" alt=\"\" class=\"wp-image-272\" srcset=\"https:\/\/augustabarcelona.com\/wp-content\/uploads\/2021\/12\/slide-02-1024x683.jpg 1024w, https:\/\/augustabarcelona.com\/wp-content\/uploads\/2021\/12\/slide-02-300x200.jpg 300w, https:\/\/augustabarcelona.com\/wp-content\/uploads\/2021\/12\/slide-02-768x512.jpg 768w, https:\/\/augustabarcelona.com\/wp-content\/uploads\/2021\/12\/slide-02-1536x1024.jpg 1536w, https:\/\/augustabarcelona.com\/wp-content\/uploads\/2021\/12\/slide-02.jpg 1680w\" sizes=\"auto, (max-width: 1024px) 100vw, 1024px\" \/><\/figure>\n<\/div><\/div>\n<\/div><\/div><\/div><\/div>\n<\/div>\n<\/div>\n<\/div><\/div>\n\n<div class=\"wp-block-columns alignwide caixaGrog is-layout-flex wp-container-core-columns-is-layout-28f84493 wp-block-columns-is-layout-flex\">\n<div class=\"wp-block-column colHme is-layout-flow wp-block-column-is-layout-flow\" style=\"flex-basis:45%\">\n<h2 class=\"alignwide textSlid\">Bienvenue \u00e0<br\/><span style=\"color:#fff;\">l&rsquo;Aparthotel Augusta<\/span><br\/>Barcelona<\/h2>\r\n\n\n\n<p>Profitez de l&rsquo;h\u00e9bergement dans cet aparthotel.<\/p>\n\n\n\n<a href=\"https:\/\/augustabarcelona.com\/apartamentos\/\"><div class=\"habitBox buttFil\">\u2014\u2014\u2014  APARTAMENTOS<\/div><\/a>\r\n<\/div>\n\n\n\n<div class=\"wp-block-column covidColHme is-layout-flow wp-block-column-is-layout-flow\" style=\"flex-basis:55%\"><\/div>\n<\/div>\n\n<div class=\"wp-block-columns alignwide barraReserv is-layout-flex wp-container-core-columns-is-layout-28f84493 wp-block-columns-is-layout-flex\">\n<div class=\"wp-block-column is-layout-flow wp-block-column-is-layout-flow\">\n<form action=\"#\" class=\"ibe formBook\" method=\"GET\">\r\n    <div class=\"dataEntr\">\r\n        <label>Fecha llegada:<\/label>\r\n        <input type=\"date\" name=\"check_in_date\"\/>\r\n    <\/div>\r\n    <div class=\"dataSort\">\r\n        <label>Fecha Salida:<\/label>\r\n        <input type=\"date\" name=\"check_out_date\"\/>\r\n    <\/div>\r\n    <div id=\"numPers\">\r\n    <div class=\"dataAdlts\">\r\n        <label>adultos:<\/label>\r\n        <select name=\"number_adults\"><option value=\"0\">0<\/option>\r\n<option selected=\"selected\" value=\"1\">1<\/option>\r\n<option value=\"2\">2<\/option>\r\n<option value=\"3\">3<\/option>\r\n<option value=\"4\">4<\/option>\r\n<option value=\"5\">5<\/option>\r\n<option value=\"6\">6<\/option>\r\n<option value=\"7\">7<\/option>\r\n<option value=\"8\">8<\/option>\r\n<option value=\"9\">9<\/option>\r\n<option value=\"10\">10<\/option><\/select>\r\n    <\/div>\r\n    <div class=\"dataInf\">\r\n        <label>ni\u00f1os:<\/label>\r\n        <select name=\"number_children\"><option value=\"0\">0<\/option>\r\n<option value=\"1\">1<\/option>\r\n<option value=\"2\">2<\/option>\r\n<option value=\"3\">3<\/option>\r\n<option value=\"4\">4<\/option>\r\n<option value=\"5\">5<\/option>\r\n<option value=\"6\">6<\/option>\r\n<option value=\"7\">7<\/option>\r\n<option value=\"8\">8<\/option>\r\n<option value=\"9\">9<\/option>\r\n<option value=\"10\">10<\/option><\/select>\r\n    <\/div>\r\n<\/div>\r\n    <input type=\"submit\" value=\"Consultar disponibilidad\"\/>\r\n<\/form>\r\n<\/div>\n<\/div>\n\n<div class=\"wp-block-columns alignwide caixaApart is-layout-flex wp-container-core-columns-is-layout-28f84493 wp-block-columns-is-layout-flex\">\n<div class=\"wp-block-column is-layout-flow wp-block-column-is-layout-flow\" style=\"flex-basis:50%\">\n<h3 class=\"wp-block-heading\">Appartements<\/h3>\n<\/div>\n\n\n\n<div class=\"wp-block-column is-layout-flow wp-block-column-is-layout-flow\" style=\"flex-basis:50%\">\n<a href=\"https:\/\/augustabarcelona.com\/apartamentos\/\"><div class=\"shwAll\"><button class=\"botonRect\">TODOS LOS APARTAMENTOS<\/button><\/div><\/a>\r\n<\/div>\n<\/div>\n\n<section class=\"wp-block-group alignwide carousColm is-layout-flow wp-block-group-is-layout-flow\">\n<style id=\"sp_pcp_dynamic_style1147\">#pcp_wrapper-1147:not(.sps-glossary-layout) .sp-pcp-row,#pcp_wrapper-1147 .sps-glossary-items-group .sps-glossary-items-content {margin-right: -10px;margin-left: -10px;}#pcp_wrapper-1147 .sp-pcp-row [class*='sp-pcp-col-']{padding-right: 10px;padding-left: 10px; padding-bottom:20px;}.pcp-wrapper-1147 .sp-pcp-title a {color: #111;display: inherit;} .pcp-wrapper-1147 .sp-pcp-title a:hover {color: ;}.pcp-wrapper-1147 .sp-pcp-post-content{color: #0a0a0a; }#pcp_wrapper-1147 .dots .swiper-pagination-bullet{ background: #f1eee4; } #pcp_wrapper-1147 .dots .swiper-pagination-bullet-active { background: #ffd183; }#pcp_wrapper-1147 .pcp-button-prev,#pcp_wrapper-1147 .pcp-button-next{ background-image: none; background-size: auto; background-color: #fff; height: 33px; width: 33px; margin-top: 8px; border: 1px solid #aaa; text-align: center; line-height: 30px; -webkit-transition: 0.3s; border-radius: 3px; }#pcp_wrapper-1147 .pcp-button-prev:hover, #pcp_wrapper-1147 .pcp-button-next:hover{ background-color: #0a0202; border-color: #000000; } #pcp_wrapper-1147 .pcp-button-prev .fa, #pcp_wrapper-1147 .pcp-button-next .fa { color: #aaa; } #pcp_wrapper-1147 .pcp-button-prev:hover .fa, #pcp_wrapper-1147 .pcp-button-next:hover .fa { color: #fff; } #pcp_wrapper-1147.pcp-carousel-wrapper .sp-pcp-post{ margin-top: 0; }#pcp_wrapper-1147 .sp-pcp-post {padding: 0 0 0 0;}#pcp_wrapper-1147.sp-slider_layout .sp-pcp-post .sp-pcp-post-details {top: 0; right:0; bottom:0; left:0;}#pcp_wrapper-1147 .sp-pcp-post {border: 0px solid #e2e2e2; border-radius: 0px }#pcp_wrapper-1147 .sp-pcp-post{background-color: transparent;}#pcp_wrapper-1147 .pcp-post-thumb-wrapper{border: 0px solid #dddddd;border-radius:0px;}.pcp-wrapper-1147 .sp-pcp-post-meta li,.pcp-wrapper-1147 .sp-pcp-post-meta ul,.pcp-wrapper-1147 .sp-pcp-post-meta li a{color: #0a0a0a;}.pcp-wrapper-1147 .sp-pcp-post-meta li a:hover{color: ;}#pcp_wrapper-1147 .pcp-post-pagination .page-numbers.current, #pcp_wrapper-1147 .pcp-post-pagination a.active , #pcp_wrapper-1147 .pcp-post-pagination a:hover{ color: #ffffff; background: #e1624b; border-color: #e1624b; }#pcp_wrapper-1147 .pcp-post-pagination .page-numbers, .pcp-post-pagination a{ background: #ffffff; color:#5e5e5e; border: 2px solid #bbbbbb;border-radius: 2px; }#pcp_wrapper-1147 .pcp-post-pagination{text-align: left;}@media (min-width: 1200px) {.sp-pcp-row .sp-pcp-col-xl-1 {flex: 0 0 100%;}.sp-pcp-row .sp-pcp-col-xl-2 {flex: 1 1 calc( 50% - 20px);}.sp-pcp-row .sp-pcp-col-xl-3 {flex: 1 1 calc( 33.333% - 20px);}.sp-pcp-row .sp-pcp-col-xl-4 {flex: 1 1 calc( 25% - 20px);}.sp-pcp-row .sp-pcp-col-xl-5 { flex: 1 1 calc( 20% - 20px);}.sp-pcp-row .sp-pcp-col-xl-6 {flex: 1 1 calc( 16.66666666666667% - 20px);}.sp-pcp-row .sp-pcp-col-xl-7 {flex: 1 1 calc( 14.28571428% - 20px);}.sp-pcp-row .sp-pcp-col-xl-8 {flex: 1 1 calc( 12.5% - 20px);}}@media (max-width: 1200px) {.sp-pcp-row .sp-pcp-col-lg-1 {flex: 0 0 100%;}.sp-pcp-row .sp-pcp-col-lg-2 {flex: 1 1 calc( 50% - 20px);}.sp-pcp-row .sp-pcp-col-lg-3 {flex: 1 1 calc( 33.333% - 20px);}.sp-pcp-row .sp-pcp-col-lg-4 {flex: 1 1 calc( 25% - 20px);}.sp-pcp-row .sp-pcp-col-lg-5 { flex: 1 1 calc( 20% - 20px);}.sp-pcp-row .sp-pcp-col-lg-6 {flex: 1 1 calc( 16.66666666666667% - 20px);}.sp-pcp-row .sp-pcp-col-lg-7 {flex: 1 1 calc( 14.28571428% - 20px);}.sp-pcp-row .sp-pcp-col-lg-8 {flex: 1 1 calc( 12.5% - 20px);}}@media (max-width: 992px) {.sp-pcp-row .sp-pcp-col-md-1 {flex: 0 0 100%;}.sp-pcp-row .sp-pcp-col-md-2 {flex: 1 1 calc( 50% - 20px);}.sp-pcp-row .sp-pcp-col-md-2-5 {flex: 0 0 75%;}.sp-pcp-row .sp-pcp-col-md-3 {flex: 1 1 calc( 33.333% - 20px);}.sp-pcp-row .sp-pcp-col-md-4 {flex: 1 1 calc( 25% - 20px);}.sp-pcp-row .sp-pcp-col-md-5 { flex: 1 1 calc( 20% - 20px);}.sp-pcp-row .sp-pcp-col-md-6 {flex: 1 1 calc( 16.66666666666667% - 20px);}.sp-pcp-row .sp-pcp-col-md-7 {flex: 1 1 calc( 14.28571428% - 20px);}.sp-pcp-row .sp-pcp-col-md-8 {flex: 1 1 calc( 12.5% - 20px);}}@media (max-width: 768px) {.sp-pcp-row .sp-pcp-col-sm-1 {flex: 0 0 100%;}.sp-pcp-row .sp-pcp-col-sm-2 {flex: 1 1 calc( 50% - 20px);}.sp-pcp-row .sp-pcp-col-sm-2-5 {flex: 0 0 75%;}.sp-pcp-row .sp-pcp-col-sm-3 {flex: 1 1 calc( 33.333% - 20px);}.sp-pcp-row .sp-pcp-col-sm-4 {flex: 1 1 calc( 25% - 20px);}.sp-pcp-row .sp-pcp-col-sm-5 { flex: 1 1 calc( 20% - 20px);}.sp-pcp-row .sp-pcp-col-sm-6 {flex: 1 1 calc( 16.66666666666667% - 20px);}.sp-pcp-row .sp-pcp-col-sm-7 {flex: 1 1 calc( 14.28571428% - 20px);}.sp-pcp-row .sp-pcp-col-sm-8 {flex: 1 1 calc( 12.5% - 20px);}}@media (max-width: 420px) {.sp-pcp-row .sp-pcp-col-xs-1 {flex: 0 0 100%;}.sp-pcp-row .sp-pcp-col-xs-2 {flex: 1 1 calc( 50% - 20px);}.sp-pcp-row .sp-pcp-col-xs-3 {flex: 1 1 calc( 33.333% - 20px);}.sp-pcp-row .sp-pcp-col-xs-4 {flex: 1 1 calc( 25% - 20px);}.sp-pcp-row .sp-pcp-col-xs-5 { flex: 1 1 calc( 20% - 20px);}.sp-pcp-row .sp-pcp-col-xs-6 {flex: 1 1 calc( 16.66666666666667% - 20px);}.sp-pcp-row .sp-pcp-col-xs-7 {flex: 1 1 calc( 14.28571428% - 20px);}.sp-pcp-row .sp-pcp-col-xs-8 {flex: 1 1 calc( 12.5% - 20px);}}<\/style><!-- Markup Starts -->\n<div id=\"pcp_wrapper-1147\" class=\"sp-pcp-section sp-pcp-container pcp-wrapper-1147 pcp-carousel-wrapper standard sp-carousel_layout\" data-sid=\"1147\">\n\t<div id=\"sp-pcp-id-1147\" class=\"swiper-container sp-pcp-carousel top_right\" dir=\"ltr\" data-carousel='{ \"speed\":1200, \"items\":3, \"spaceBetween\":20, \"dynamicBullets\": false, \"navigation\":true, \"pagination\": true, \"autoplay\": true, \"autoplay_speed\": 2000, \"loop\": true, \"autoHeight\": false, \"lazy\":  true, \"simulateTouch\": true, \"freeMode\": false, \"slider_mouse_wheel\": false,\"allowTouchMove\": true, \"slidesPerView\": {\"lg_desktop\": 3, \"desktop\": 3, \"tablet\": 2, \"mobile_landscape\": 2, \"mobile\": 1}, \"navigation_mobile\": true, \"pagination_mobile\": true, \"stop_onHover\": true, \"enabled\": true, \"prevSlideMessage\": \"Previous slide\", \"nextSlideMessage\": \"Next slide\", \"firstSlideMessage\": \"This is the first slide\", \"lastSlideMessage\": \"This is the last slide\", \"keyboard\": \"true\", \"paginationBulletMessage\": \"Go to slide {{index}}\" }'>\n\t\t\t<div class=\"swiper-wrapper\">\n\t\t\t\t\t\t<div class=\" swiper-slide swiper-lazy\">\n\t\t\t<div class=\"sp-pcp-post default pcp-item-1205\" data-id=\"1205\">\n\t\t\t\t\t\t\t\t<div class=\"pcp-post-thumb-wrapper\">\n\t\t\t\t\t<div class=\"sp-pcp-post-thumb-area\">\n\t\t\t\t\t\t\t\t\t\t\t\t<a class=\"sp-pcp-thumb\" href=\"https:\/\/augustabarcelona.com\/fr?apartamento=appartement-avec-terrasse-3-4-personnes\" target=\"_self\" >\n\t\t\t\t\t\t\t\t\t\t\t\t\t<img loading=\"lazy\" decoding=\"async\" src=\"https:\/\/augustabarcelona.com\/wp-content\/uploads\/2021\/12\/3-4-t-4.jpg\" width=\"1729\" height=\"1153\" alt=\"\">\n\t\t\t\t\t\t<\/a>\n\t\t\t\t\t<\/div>\n\t\t\t\t<\/div>\n\t\t\t\t\t\t\t\t<div class=\"sp-pcp-post-details\">\n\t\t\t\t\t<div class=\"sp-pcp-post-details-content\">\n\t\t\t\t\t\t\t\t<h2 class=\"sp-pcp-title\">\n\t\t\t\t\t\t\t\t\t<a href=\"https:\/\/augustabarcelona.com\/fr?apartamento=appartement-avec-terrasse-3-4-personnes\"  target=\"_self\">Appartement avec terrasse <br>3 \u2014 5 personnes<\/a>\t\t\t\t\t\t\t<\/h2>\n\t\t\t\t\t\t<div class=\"sp-pcp-post-content\">\n\t\t\t<p>L'appartement se compose d'une salle \u00e0 manger compl\u00e8te tr\u00e8s confortable avec tout le confort (table et chaises, t\u00e9l\u00e9vision et 1 canap\u00e9-lit simple); une cuisine ouverte enti\u00e8rement \u00e9quip\u00e9e avec \u00e9lectrom\u00e9nagers et ustensiles de cuisine ; une sortie directe sur la terrasse, meubl\u00e9e d'une table, chaises, 1 chambre double pour 2 personnes (avec 2 lits simples et possibilit\u00e9 de monter un lit double) et 1 chambre simple ; 1 salle de bain compl\u00e8te.<\/p>\n\t\t<\/div>\n\t\t\t\t\t\t\t\t<\/div>\n\t\t\t\t<\/div>\n\t\t\t<\/div>\n\t\t<\/div>\n\t\t\t\t<div class=\" swiper-slide swiper-lazy\">\n\t\t\t<div class=\"sp-pcp-post default pcp-item-1204\" data-id=\"1204\">\n\t\t\t\t\t\t\t\t<div class=\"pcp-post-thumb-wrapper\">\n\t\t\t\t\t<div class=\"sp-pcp-post-thumb-area\">\n\t\t\t\t\t\t\t\t\t\t\t\t<a class=\"sp-pcp-thumb\" href=\"https:\/\/augustabarcelona.com\/fr?apartamento=appartement-3-4-personnes\" target=\"_self\" >\n\t\t\t\t\t\t\t\t\t\t\t\t\t<img loading=\"lazy\" decoding=\"async\" src=\"https:\/\/augustabarcelona.com\/wp-content\/uploads\/2021\/12\/3-5-6.jpg\" width=\"1729\" height=\"1153\" alt=\"\">\n\t\t\t\t\t\t<\/a>\n\t\t\t\t\t<\/div>\n\t\t\t\t<\/div>\n\t\t\t\t\t\t\t\t<div class=\"sp-pcp-post-details\">\n\t\t\t\t\t<div class=\"sp-pcp-post-details-content\">\n\t\t\t\t\t\t\t\t<h2 class=\"sp-pcp-title\">\n\t\t\t\t\t\t\t\t\t<a href=\"https:\/\/augustabarcelona.com\/fr?apartamento=appartement-3-4-personnes\"  target=\"_self\">Appartement <br>3 \u2014 5 personnes<\/a>\t\t\t\t\t\t\t<\/h2>\n\t\t\t\t\t\t<div class=\"sp-pcp-post-content\">\n\t\t\t<p>L'appartement se compose d'une salle \u00e0 manger compl\u00e8te tr\u00e8s confortable avec tout le confort (table et chaises, t\u00e9l\u00e9vision et 1 canap\u00e9-lit simple); une cuisine ouverte enti\u00e8rement \u00e9quip\u00e9e en \u00e9lectrom\u00e9nagers et appareils de cuisine, , 1 chambre double pour 2 personnes (avec 2 lits simples et possibilit\u00e9 d'installer un lit double) et 1 chambre simple ; 1 salle de bain compl\u00e8te.<\/p>\n\t\t<\/div>\n\t\t\t\t\t\t\t\t<\/div>\n\t\t\t\t<\/div>\n\t\t\t<\/div>\n\t\t<\/div>\n\t\t\t\t<div class=\" swiper-slide swiper-lazy\">\n\t\t\t<div class=\"sp-pcp-post default pcp-item-1203\" data-id=\"1203\">\n\t\t\t\t\t\t\t\t<div class=\"pcp-post-thumb-wrapper\">\n\t\t\t\t\t<div class=\"sp-pcp-post-thumb-area\">\n\t\t\t\t\t\t\t\t\t\t\t\t<a class=\"sp-pcp-thumb\" href=\"https:\/\/augustabarcelona.com\/fr?apartamento=appartement-avec-terrasse-3-5-personnes-deluxe\" target=\"_self\" >\n\t\t\t\t\t\t\t\t\t\t\t\t\t<img loading=\"lazy\" decoding=\"async\" src=\"https:\/\/augustabarcelona.com\/wp-content\/uploads\/2021\/12\/3-5-6.jpg\" width=\"1729\" height=\"1153\" alt=\"\">\n\t\t\t\t\t\t<\/a>\n\t\t\t\t\t<\/div>\n\t\t\t\t<\/div>\n\t\t\t\t\t\t\t\t<div class=\"sp-pcp-post-details\">\n\t\t\t\t\t<div class=\"sp-pcp-post-details-content\">\n\t\t\t\t\t\t\t\t<h2 class=\"sp-pcp-title\">\n\t\t\t\t\t\t\t\t\t<a href=\"https:\/\/augustabarcelona.com\/fr?apartamento=appartement-avec-terrasse-3-5-personnes-deluxe\"  target=\"_self\">Appartement avec terrasse <br>3 \u2014 5 personnes Deluxe<\/a>\t\t\t\t\t\t\t<\/h2>\n\t\t\t\t\t\t<div class=\"sp-pcp-post-content\">\n\t\t\t<p>L'appartement se compose d'une salle \u00e0 manger compl\u00e8te tr\u00e8s confortable avec tout le confort (table et chaises, t\u00e9l\u00e9vision et 1 canap\u00e9-lit double); une cuisine ouverte enti\u00e8rement \u00e9quip\u00e9e avec appareils \u00e9lectrom\u00e9nagers et ustensiles de cuisine; une sortie directe sur une grande terrasse, meubl\u00e9e avec table, chaises ; 1 chambre double pour 2 personnes (avec 2 lits simples et possibilit\u00e9 de monter un lit double) et 1 chambre simple ; 1 salle de bain compl\u00e8te.<\/p>\n\t\t<\/div>\n\t\t\t\t\t\t\t\t<\/div>\n\t\t\t\t<\/div>\n\t\t\t<\/div>\n\t\t<\/div>\n\t\t\t\t<div class=\" swiper-slide swiper-lazy\">\n\t\t\t<div class=\"sp-pcp-post default pcp-item-1202\" data-id=\"1202\">\n\t\t\t\t\t\t\t\t<div class=\"pcp-post-thumb-wrapper\">\n\t\t\t\t\t<div class=\"sp-pcp-post-thumb-area\">\n\t\t\t\t\t\t\t\t\t\t\t\t<a class=\"sp-pcp-thumb\" href=\"https:\/\/augustabarcelona.com\/fr?apartamento=appartement-avec-balcon-2-4-personnes\" target=\"_self\" >\n\t\t\t\t\t\t\t\t\t\t\t\t\t<img loading=\"lazy\" decoding=\"async\" src=\"https:\/\/augustabarcelona.com\/wp-content\/uploads\/2021\/12\/2-4-b-7.jpg\" width=\"1729\" height=\"1153\" alt=\"\">\n\t\t\t\t\t\t<\/a>\n\t\t\t\t\t<\/div>\n\t\t\t\t<\/div>\n\t\t\t\t\t\t\t\t<div class=\"sp-pcp-post-details\">\n\t\t\t\t\t<div class=\"sp-pcp-post-details-content\">\n\t\t\t\t\t\t\t\t<h2 class=\"sp-pcp-title\">\n\t\t\t\t\t\t\t\t\t<a href=\"https:\/\/augustabarcelona.com\/fr?apartamento=appartement-avec-balcon-2-4-personnes\"  target=\"_self\">Appartement avec balcon <br>2 \u2014 4 personnes<\/a>\t\t\t\t\t\t\t<\/h2>\n\t\t\t\t\t\t<div class=\"sp-pcp-post-content\">\n\t\t\t<p>L'appartement se compose d'une salle \u00e0 manger compl\u00e8te avec tout le confort (table et chaises, t\u00e9l\u00e9vision et 1 canap\u00e9-lit double); une cuisine ouverte enti\u00e8rement \u00e9quip\u00e9e avec appareils \u00e9lectrom\u00e9nagers et ustensiles de cuisine; une sortie directe sur la terrasse, meubl\u00e9e avec table et chaises ; 1 chambre pour 2 personnes (avec 2 lits simples et une armoire encastr\u00e9e) ; 1 salle de bain compl\u00e8te.<\/p>\n\t\t<\/div>\n\t\t\t\t\t\t\t\t<\/div>\n\t\t\t\t<\/div>\n\t\t\t<\/div>\n\t\t<\/div>\n\t\t\t\t<div class=\" swiper-slide swiper-lazy\">\n\t\t\t<div class=\"sp-pcp-post default pcp-item-1201\" data-id=\"1201\">\n\t\t\t\t\t\t\t\t<div class=\"pcp-post-thumb-wrapper\">\n\t\t\t\t\t<div class=\"sp-pcp-post-thumb-area\">\n\t\t\t\t\t\t\t\t\t\t\t\t<a class=\"sp-pcp-thumb\" href=\"https:\/\/augustabarcelona.com\/fr?apartamento=appartement-2-personnes\" target=\"_self\" >\n\t\t\t\t\t\t\t\t\t\t\t\t\t<img loading=\"lazy\" decoding=\"async\" src=\"https:\/\/augustabarcelona.com\/wp-content\/uploads\/2020\/12\/2-3.jpg\" width=\"1729\" height=\"1153\" alt=\"\">\n\t\t\t\t\t\t<\/a>\n\t\t\t\t\t<\/div>\n\t\t\t\t<\/div>\n\t\t\t\t\t\t\t\t<div class=\"sp-pcp-post-details\">\n\t\t\t\t\t<div class=\"sp-pcp-post-details-content\">\n\t\t\t\t\t\t\t\t<h2 class=\"sp-pcp-title\">\n\t\t\t\t\t\t\t\t\t<a href=\"https:\/\/augustabarcelona.com\/fr?apartamento=appartement-2-personnes\"  target=\"_self\">Appartement <br>2 personnes<\/a>\t\t\t\t\t\t\t<\/h2>\n\t\t\t\t\t\t<div class=\"sp-pcp-post-content\">\n\t\t\t<p>L'appartement se compose d'une salle \u00e0 manger compl\u00e8te avec tout le confort (table et chaises, t\u00e9l\u00e9vision), une cuisine ouverte enti\u00e8rement \u00e9quip\u00e9e avec \u00e9lectrom\u00e9nagers et ustensiles de cuisine. un coin nuit pour 2 personnes (avec 2 lits simples et une armoire int\u00e9gr\u00e9e) ; 1 salle de bain compl\u00e8te , le tout dans le m\u00eame environnement.<\/p>\n\t\t<\/div>\n\t\t\t\t\t\t\t\t<\/div>\n\t\t\t\t<\/div>\n\t\t\t<\/div>\n\t\t<\/div>\n\t\t\t\t<div class=\" swiper-slide swiper-lazy\">\n\t\t\t<div class=\"sp-pcp-post default pcp-item-1200\" data-id=\"1200\">\n\t\t\t\t\t\t\t\t<div class=\"pcp-post-thumb-wrapper\">\n\t\t\t\t\t<div class=\"sp-pcp-post-thumb-area\">\n\t\t\t\t\t\t\t\t\t\t\t\t<a class=\"sp-pcp-thumb\" href=\"https:\/\/augustabarcelona.com\/fr?apartamento=appartement-2-4-personnes\" target=\"_self\" >\n\t\t\t\t\t\t\t\t\t\t\t\t\t<img loading=\"lazy\" decoding=\"async\" src=\"https:\/\/augustabarcelona.com\/wp-content\/uploads\/2021\/12\/2-4-4.jpg\" width=\"1729\" height=\"1153\" alt=\"\">\n\t\t\t\t\t\t<\/a>\n\t\t\t\t\t<\/div>\n\t\t\t\t<\/div>\n\t\t\t\t\t\t\t\t<div class=\"sp-pcp-post-details\">\n\t\t\t\t\t<div class=\"sp-pcp-post-details-content\">\n\t\t\t\t\t\t\t\t<h2 class=\"sp-pcp-title\">\n\t\t\t\t\t\t\t\t\t<a href=\"https:\/\/augustabarcelona.com\/fr?apartamento=appartement-2-4-personnes\"  target=\"_self\">Appartement <br>2 \u2014 4 personnes<\/a>\t\t\t\t\t\t\t<\/h2>\n\t\t\t\t\t\t<div class=\"sp-pcp-post-content\">\n\t\t\t<p>L'appartement se compose d'une salle \u00e0 manger compl\u00e8te avec tout le confort (table et chaises, t\u00e9l\u00e9vision et 1 canap\u00e9-lit double); une cuisine ouverte enti\u00e8rement \u00e9quip\u00e9e avec appareils \u00e9lectrom\u00e9nagers et ustensiles de cuisine; 1 chambre pour 2 personnes (avec 2 lits simples et une armoire encastr\u00e9e) ; 1 salle de bain compl\u00e8te.<\/p>\n\t\t<\/div>\n\t\t\t\t\t\t\t\t<\/div>\n\t\t\t\t<\/div>\n\t\t\t<\/div>\n\t\t<\/div>\n\t\t\t\t<div class=\" swiper-slide swiper-lazy\">\n\t\t\t<div class=\"sp-pcp-post default pcp-item-1199\" data-id=\"1199\">\n\t\t\t\t\t\t\t\t<div class=\"pcp-post-thumb-wrapper\">\n\t\t\t\t\t<div class=\"sp-pcp-post-thumb-area\">\n\t\t\t\t\t\t\t\t\t\t\t\t<a class=\"sp-pcp-thumb\" href=\"https:\/\/augustabarcelona.com\/fr?apartamento=penthouse-3-5-personnes-deluxe\" target=\"_self\" >\n\t\t\t\t\t\t\t\t\t\t\t\t\t<img loading=\"lazy\" decoding=\"async\" src=\"https:\/\/augustabarcelona.com\/wp-content\/uploads\/2021\/12\/3-4-a-d-4.jpg\" width=\"1729\" height=\"1153\" alt=\"\">\n\t\t\t\t\t\t<\/a>\n\t\t\t\t\t<\/div>\n\t\t\t\t<\/div>\n\t\t\t\t\t\t\t\t<div class=\"sp-pcp-post-details\">\n\t\t\t\t\t<div class=\"sp-pcp-post-details-content\">\n\t\t\t\t\t\t\t\t<h2 class=\"sp-pcp-title\">\n\t\t\t\t\t\t\t\t\t<a href=\"https:\/\/augustabarcelona.com\/fr?apartamento=penthouse-3-5-personnes-deluxe\"  target=\"_self\">Penthouse <br>3 \u2014 5 personnes Deluxe<\/a>\t\t\t\t\t\t\t<\/h2>\n\t\t\t\t\t\t<div class=\"sp-pcp-post-content\">\n\t\t\t<p>L'appartement se compose d'une salle \u00e0 manger compl\u00e8te tr\u00e8s confortable avec tout le confort (table et chaises, t\u00e9l\u00e9vision et 1 canap\u00e9-lit double); une cuisine ouverte enti\u00e8rement \u00e9quip\u00e9e avec appareils \u00e9lectrom\u00e9nagers et ustensiles de cuisine; une sortie directe sur une grande terrasse, meubl\u00e9e avec table, chaises ; 1 chambre double pour 2 personnes (avec 2 lits simples et possibilit\u00e9 de monter un lit double) et 1 chambre simple ; 1 salle de bain compl\u00e8te.<\/p>\n\t\t<\/div>\n\t\t\t\t\t\t\t\t<\/div>\n\t\t\t\t<\/div>\n\t\t\t<\/div>\n\t\t<\/div>\n\t\t\t\t<div class=\" swiper-slide swiper-lazy\">\n\t\t\t<div class=\"sp-pcp-post default pcp-item-1198\" data-id=\"1198\">\n\t\t\t\t\t\t\t\t<div class=\"pcp-post-thumb-wrapper\">\n\t\t\t\t\t<div class=\"sp-pcp-post-thumb-area\">\n\t\t\t\t\t\t\t\t\t\t\t\t<a class=\"sp-pcp-thumb\" href=\"https:\/\/augustabarcelona.com\/fr?apartamento=appartement-adapte2-personnes\" target=\"_self\" >\n\t\t\t\t\t\t\t\t\t\t\t\t\t<img loading=\"lazy\" decoding=\"async\" src=\"https:\/\/augustabarcelona.com\/wp-content\/uploads\/2020\/12\/2-3.jpg\" width=\"1729\" height=\"1153\" alt=\"\">\n\t\t\t\t\t\t<\/a>\n\t\t\t\t\t<\/div>\n\t\t\t\t<\/div>\n\t\t\t\t\t\t\t\t<div class=\"sp-pcp-post-details\">\n\t\t\t\t\t<div class=\"sp-pcp-post-details-content\">\n\t\t\t\t\t\t\t\t<h2 class=\"sp-pcp-title\">\n\t\t\t\t\t\t\t\t\t<a href=\"https:\/\/augustabarcelona.com\/fr?apartamento=appartement-adapte2-personnes\"  target=\"_self\">Appartement adapt\u00e9<br>2 personnes<\/a>\t\t\t\t\t\t\t<\/h2>\n\t\t\t\t\t\t<div class=\"sp-pcp-post-content\">\n\t\t\t<p>L'appartement se compose d'une salle \u00e0 manger compl\u00e8te avec tout le confort (table et chaises, t\u00e9l\u00e9vision et 1 canap\u00e9-lit double); une cuisine ouverte enti\u00e8rement \u00e9quip\u00e9e avec appareils \u00e9lectrom\u00e9nagers et ustensiles de cuisine;<br \/>\n; 1 salle de bain complete tout adapt\u00e9 aux personnes \u00e0 mobilit\u00e9 r\u00e9duite.<\/p>\n\t\t<\/div>\n\t\t\t\t\t\t\t\t<\/div>\n\t\t\t\t<\/div>\n\t\t\t<\/div>\n\t\t<\/div>\n\t\t\t\t\t<\/div>\n\t\t\t\t\t\t<div class=\"pcp-pagination swiper-pagination dots\"><\/div>\n\t\t\t\t\t\t\t\t\t\t<div class=\"pcp-button-next swiper-button-next top_right\"><i class=\"fa fa-angle-right\"><\/i><\/div>\n\t\t\t\t<div class=\"pcp-button-prev swiper-button-prev top_right\"><i class=\"fa fa-angle-left\"><\/i><\/div>\t<\/div>\n<\/div>\n\r\n<\/section>\n\n<div style=\"height:120px\" aria-hidden=\"true\" class=\"wp-block-spacer\"><\/div>\n\n<div class=\"wp-block-animate-blocks-animate\" data-aos=\"fade-up\" data-aos-duration=\"2000\">\n<div class=\"wp-block-group alignfull boxFonsBlck has-ast-global-color-8-background-color has-background is-layout-flow wp-block-group-is-layout-flow\"><div class=\"wp-block-group__inner-container\">\n<div class=\"wp-block-columns alignwide is-layout-flex wp-container-core-columns-is-layout-28f84493 wp-block-columns-is-layout-flex\">\n<div class=\"wp-block-column is-layout-flow wp-block-column-is-layout-flow\" style=\"flex-basis:40%\">\n<figure class=\"wp-block-image size-large is-resized\"><img decoding=\"async\" src=\"https:\/\/augustabarcelona.com\/wp-content\/uploads\/2021\/12\/logo-vert.svg\" alt=\"\" class=\"wp-image-299\" style=\"width:310px;height:164px\"\/><\/figure>\n\n\n\n<div style=\"height:30px\" aria-hidden=\"true\" class=\"wp-block-spacer\"><\/div>\n\n\n\n<p class=\"colorA destGr\">Augusta Barcelona est un aparthotel 3 \u00e9toiles situ\u00e9 dans le centre de Barcelone dans le prestigieux quartier de Sarri\u00e0 Saint Gervasi de Barcelone.<\/p>\n<\/div>\n\n\n\n<div class=\"wp-block-column is-layout-flow wp-block-column-is-layout-flow\" style=\"flex-basis:60%\">\n<div class=\"wp-block-image imgApHt\"><figure class=\"alignright size-full is-resized\"><img decoding=\"async\" src=\"https:\/\/augustabarcelona.com\/wp-content\/uploads\/2021\/12\/img-apartamentos.jpg\" alt=\"\" class=\"ombraImg wp-image-199\" width=\"640\" height=\"auto\" srcset=\"https:\/\/augustabarcelona.com\/wp-content\/uploads\/2021\/12\/img-apartamentos.jpg 1680w, https:\/\/augustabarcelona.com\/wp-content\/uploads\/2021\/12\/img-apartamentos-300x200.jpg 300w, https:\/\/augustabarcelona.com\/wp-content\/uploads\/2021\/12\/img-apartamentos-1024x683.jpg 1024w, https:\/\/augustabarcelona.com\/wp-content\/uploads\/2021\/12\/img-apartamentos-768x512.jpg 768w, https:\/\/augustabarcelona.com\/wp-content\/uploads\/2021\/12\/img-apartamentos-1536x1024.jpg 1536w\" sizes=\"(max-width: 1680px) 100vw, 1680px\" \/><\/figure><\/div>\r\n<\/div>\n<\/div>\n\n\n\n<div class=\"wp-block-columns alignwide is-layout-flex wp-container-core-columns-is-layout-28f84493 wp-block-columns-is-layout-flex\">\n<div class=\"wp-block-column is-layout-flow wp-block-column-is-layout-flow\" style=\"flex-basis:60%\">\n<div style=\"height:40px\" aria-hidden=\"true\" class=\"wp-block-spacer\"><\/div>\n\n\n\n<p class=\"has-ast-global-color-5-color has-text-color\">L&rsquo;\u00e9tablissement est situ\u00e9 \u00e0 c\u00f4t\u00e9 de la centrale Via Augusta \u00e0 Barcelone, \u00e0 partir de laquelle vous pouvez acc\u00e9der aux principales rues commer\u00e7antes de Barcelone, telles que Avda. Diagonal (800 m), Rambla Catalunya (900 m) ou Pg. de Gr\u00e0cia (950 m). A 300m de l&rsquo; apparthotel se trouve le quartier de Gracia.<br\/><br\/>Bien desservi par les transports en commun, depuis la Plaza Molina, le passager peut voyager avec le m\u00e9tro FGC jusqu&rsquo;\u00e0 la Plaza Catalunya centrale (8 minutes) et de l\u00e0 acc\u00e9der aux Rambles , au march\u00e9 de La Boqueria et au quartier gothique.<br\/>Le b\u00e2timent dispose de 30 appartements enti\u00e8rement \u00e9quip\u00e9s, salon &#8211; salle \u00e0 manger, cuisine, chambre et salle de bain, ce qui le rend id\u00e9al pour des vacances de longue ou courte dur\u00e9e dans la ville de Barcelone.<br\/><br\/>Dormez au c\u0153ur de Barcelone avec la s\u00e9curit\u00e9 et la tranquillit\u00e9 de la partie haute de la ville. Profitez d&rsquo;une offre commerciale, gastronomique, de loisirs compl\u00e8te&#8230; \u00e0 seulement 10 minutes des lieux les plus embl\u00e9matiques de la ville.<\/p>\n\n\n\n<div style=\"height:40px\" aria-hidden=\"true\" class=\"wp-block-spacer\"><\/div>\n<\/div>\n\n\n\n<div class=\"wp-block-column is-layout-flow wp-block-column-is-layout-flow\" style=\"flex-basis:40%\">\n<a href=\"https:\/\/augustabarcelona.com\/galeria\/\">\r\n<div class=\"centrarFl\">\r\n    <div class=\"cercleGal\">Galer\u00eda de<br\/> im\u00e1genes\r\n        \r\n        <div class=\"colorA negreta\">Aparthotel\r\n            Augusta\r\n        <\/div>\r\n    <\/div>\r\n<\/div>\r\n<\/a>\r\n<\/div>\n<\/div>\n<\/div><\/div>\n<\/div>\n\n<div class=\"wp-block-animate-blocks-animate\" data-aos=\"fade-up\" data-aos-duration=\"800\">\n<div class=\"wp-block-group alignfull pastillInfGro is-layout-flow wp-block-group-is-layout-flow\"><div class=\"wp-block-group__inner-container\">\n<div style=\"height:80px\" aria-hidden=\"true\" class=\"wp-block-spacer espaiAmgt\"><\/div>\n\n\n\n<div class=\"wp-block-columns alignwide is-layout-flex wp-container-core-columns-is-layout-28f84493 wp-block-columns-is-layout-flex\">\n<div class=\"wp-block-column is-layout-flow wp-block-column-is-layout-flow\">\n<figure class=\"wp-block-image size-large is-resized\"><img decoding=\"async\" src=\"https:\/\/augustabarcelona.com\/wp-content\/uploads\/2022\/01\/lincoln-logo.svg\" alt=\"\" class=\"wp-image-719\" style=\"width:200px;height:86px\"\/><\/figure>\n\n\n\n<div style=\"height:20px\" aria-hidden=\"true\" class=\"wp-block-spacer\"><\/div>\n\n\n\n<p>Profitez d&rsquo;une gastronomie classique et avant-gardiste dans un environnement chaleureux et confortable.<\/p>\n\n\n\n<p>Un endroit id\u00e9al pour profiter \u00e0 la fois d&rsquo;\u00e9v\u00e9nements d&rsquo;affaires, de d\u00eeners romantiques ou dans un environnement plus familier.<\/p>\n\n\n\n<p>Nous avons une carte des vins vari\u00e9e et \u00e9labor\u00e9e avec plus de 70 r\u00e9f\u00e9rences parmi les meilleures appellations d&rsquo;origine du pays.<\/p>\n\n\n\n<div class=\"wp-block-buttons is-layout-flex wp-block-buttons-is-layout-flex\">\n<div class=\"wp-block-button botoAcc\"><a class=\"wp-block-button__link wp-element-button\" href=\"https:\/\/**.com\/\" target=\"_blank\" rel=\"noreferrer noopener\">\u2014\u2014\u2014 web<\/a><\/div>\n<\/div>\n<\/div>\n\n\n\n<div class=\"wp-block-column is-layout-flow wp-block-column-is-layout-flow\">\n<figure class=\"wp-block-image size-large ombraImgNeg imgLinc\"><img loading=\"lazy\" decoding=\"async\" width=\"1024\" height=\"704\" src=\"https:\/\/augustabarcelona.com\/wp-content\/uploads\/2022\/01\/lincoln-30-1024x704.jpg\" alt=\"\" class=\"wp-image-729\" title=\"\" srcset=\"https:\/\/augustabarcelona.com\/wp-content\/uploads\/2022\/01\/lincoln-30-1024x704.jpg 1024w, https:\/\/augustabarcelona.com\/wp-content\/uploads\/2022\/01\/lincoln-30-300x206.jpg 300w, https:\/\/augustabarcelona.com\/wp-content\/uploads\/2022\/01\/lincoln-30-768x528.jpg 768w, https:\/\/augustabarcelona.com\/wp-content\/uploads\/2022\/01\/lincoln-30-1536x1056.jpg 1536w, https:\/\/augustabarcelona.com\/wp-content\/uploads\/2022\/01\/lincoln-30.jpg 1600w\" sizes=\"auto, (max-width: 1024px) 100vw, 1024px\" \/><\/figure>\n<\/div>\n<\/div>\n<\/div><\/div>\n<\/div>\n\n<div style=\"height:280px\" aria-hidden=\"true\" class=\"wp-block-spacer\"><\/div>\n\n<div class=\"wp-block-group caixaTitlBlc is-layout-flow wp-block-group-is-layout-flow\"><div class=\"wp-block-group__inner-container\">\n<h4 class=\"wp-block-heading caixaTitl\">Barcelone<\/h4>\n<\/div><\/div>\n\n<div class=\"wp-block-group alignwide is-layout-flow wp-block-group-is-layout-flow\"><div class=\"wp-block-group__inner-container\">\n<div class=\"alignwide alignwide sliderBcn wp-swiper alignwide sliderBcn sliderBcn\"><div class=\"wp-swiper__wrapper\"><div class=\"swiper-container swiper\" data-swiper=\"{&quot;data-slidesperview&quot;:&quot;1&quot;,&quot;data-navigation&quot;:true,&quot;data-pagination&quot;:false,&quot;data-autoplay&quot;:false,&quot;data-delay&quot;:6000,&quot;data-speed&quot;:500,&quot;data-loop&quot;:true,&quot;data-effect&quot;:&quot;slide&quot;,&quot;data-direction&quot;:&quot;horizontal&quot;,&quot;data-freemode&quot;:false,&quot;data-autoheight&quot;:true,&quot;data-spacebetween&quot;:0,&quot;data-mousewheel&quot;:false,&quot;data-releaseonedges&quot;:false,&quot;data-paginationtype&quot;:&quot;bullets&quot;}\" data-slidesperview=\"1\" data-navigation=\"true\" data-pagination=\"false\" data-autoplay=\"false\" data-delay=\"6000\" data-speed=\"500\" data-loop=\"true\" data-effect=\"slide\" data-direction=\"horizontal\" data-freemode=\"false\" data-autoheight=\"true\" data-spacebetween=\"0\" data-mousewheel=\"false\" data-releaseonedges=\"false\" data-paginationtype=\"bullets\"><div class=\"swiper-wrapper\">\n<div data-tab=\"slide-1\" class=\"wp-swiper__slide swiper-slide\"><div class=\"wp-swiper__overlay-color\" style=\"background-color:rgba(0, 0, 0, 0)\"><\/div><div class=\"wp-swiper__slide-content\" style=\"max-width:100%\">\n<div class=\"wp-block-columns is-layout-flex wp-container-core-columns-is-layout-28f84493 wp-block-columns-is-layout-flex\">\n<div class=\"wp-block-column is-layout-flow wp-block-column-is-layout-flow\" style=\"flex-basis:66.66%\">\n<figure class=\"wp-block-image size-large\"><img loading=\"lazy\" decoding=\"async\" width=\"1024\" height=\"683\" src=\"https:\/\/augustabarcelona.com\/wp-content\/uploads\/2022\/01\/img-bcn-02-1024x683.jpg\" alt=\"\" class=\"wp-image-747\" srcset=\"https:\/\/augustabarcelona.com\/wp-content\/uploads\/2022\/01\/img-bcn-02-1024x683.jpg 1024w, https:\/\/augustabarcelona.com\/wp-content\/uploads\/2022\/01\/img-bcn-02-300x200.jpg 300w, https:\/\/augustabarcelona.com\/wp-content\/uploads\/2022\/01\/img-bcn-02-768x512.jpg 768w, https:\/\/augustabarcelona.com\/wp-content\/uploads\/2022\/01\/img-bcn-02.jpg 1276w\" sizes=\"auto, (max-width: 1024px) 100vw, 1024px\" \/><\/figure>\n<\/div>\n\n\n\n<div class=\"wp-block-column is-layout-flow wp-block-column-is-layout-flow\" style=\"flex-basis:33.33%\">\n<h6 class=\"wp-block-heading\">Parc G\u00fcell<\/h6>\n\n\n\n<p>Le Park G\u00fcell est un parc public avec des jardins et des \u00e9l\u00e9ments architecturaux situ\u00e9 dans la partie haute de la ville de Barcelone.<\/p>\n\n\n\n<p>Il est situ\u00e9 sur le versant sud du mont Carmel, qui appartient aux contreforts de la cha\u00eene de montagnes de Collserola ; du c\u00f4t\u00e9 nord se trouve le Parque del Carmelo.<\/p>\n<\/div>\n<\/div>\n<\/div><\/div>\n\n\n\n<div data-tab=\"slide-2\" class=\"wp-swiper__slide swiper-slide\"><div class=\"wp-swiper__overlay-color\" style=\"background-color:rgba(0, 0, 0, 0)\"><\/div><div class=\"wp-swiper__slide-content\">\n<div class=\"wp-block-columns is-layout-flex wp-container-core-columns-is-layout-28f84493 wp-block-columns-is-layout-flex\">\n<div class=\"wp-block-column is-layout-flow wp-block-column-is-layout-flow\" style=\"flex-basis:66.66%\">\n<figure class=\"wp-block-image size-large\"><img loading=\"lazy\" decoding=\"async\" width=\"1024\" height=\"683\" src=\"https:\/\/augustabarcelona.com\/wp-content\/uploads\/2022\/01\/img-bcn-05-1024x683.jpg\" alt=\"\" class=\"wp-image-750\" srcset=\"https:\/\/augustabarcelona.com\/wp-content\/uploads\/2022\/01\/img-bcn-05-1024x683.jpg 1024w, https:\/\/augustabarcelona.com\/wp-content\/uploads\/2022\/01\/img-bcn-05-300x200.jpg 300w, https:\/\/augustabarcelona.com\/wp-content\/uploads\/2022\/01\/img-bcn-05-768x512.jpg 768w, https:\/\/augustabarcelona.com\/wp-content\/uploads\/2022\/01\/img-bcn-05.jpg 1276w\" sizes=\"auto, (max-width: 1024px) 100vw, 1024px\" \/><\/figure>\n<\/div>\n\n\n\n<div class=\"wp-block-column is-layout-flow wp-block-column-is-layout-flow\" style=\"flex-basis:33.33%\">\n<h6 class=\"wp-block-heading\">Sagrada fam\u00edlia<\/h6>\n\n\n\n<p>Le temple expiatoire de la Sagrada Familia, connu simplement sous le nom de Sagrada Familia, est une basilique catholique de Barcelone, con\u00e7ue par l&rsquo;architecte Antoni Gaud\u00ed.<\/p>\n\n\n\n<p>Commenc\u00e9 en 1882, il est toujours en construction.<\/p>\n\n\n\n<p>C&rsquo;est le chef-d&rsquo;\u0153uvre de Gaud\u00ed et le plus grand repr\u00e9sentant de l&rsquo;architecture moderniste catalane. Vous pouvez vous y rendre \u00e0 pied en faisant 15 minutes de marche ou en m\u00e9tro en utilisant la ligne de m\u00e9tro L3 .<\/p>\n\n\n\n<p>Vous pouvez vous y rendre \u00e0 pied en faisant 15 minutes de marche ou en m\u00e9tro en utilisant la ligne de m\u00e9tro L3 .<\/p>\n<\/div>\n<\/div>\n<\/div><\/div>\n\n\n\n<div data-tab=\"slide-3\" class=\"wp-swiper__slide swiper-slide\"><div class=\"wp-swiper__overlay-color\" style=\"background-color:rgba(0, 0, 0, 0)\"><\/div><div class=\"wp-swiper__slide-content\">\n<div class=\"wp-block-columns is-layout-flex wp-container-core-columns-is-layout-28f84493 wp-block-columns-is-layout-flex\">\n<div class=\"wp-block-column is-layout-flow wp-block-column-is-layout-flow\" style=\"flex-basis:66.66%\">\n<figure class=\"wp-block-image size-large\"><img loading=\"lazy\" decoding=\"async\" width=\"1024\" height=\"683\" src=\"https:\/\/augustabarcelona.com\/wp-content\/uploads\/2022\/01\/img-bcn-07-1024x683.jpg\" alt=\"\" class=\"wp-image-752\" srcset=\"https:\/\/augustabarcelona.com\/wp-content\/uploads\/2022\/01\/img-bcn-07-1024x683.jpg 1024w, https:\/\/augustabarcelona.com\/wp-content\/uploads\/2022\/01\/img-bcn-07-300x200.jpg 300w, https:\/\/augustabarcelona.com\/wp-content\/uploads\/2022\/01\/img-bcn-07-768x512.jpg 768w, https:\/\/augustabarcelona.com\/wp-content\/uploads\/2022\/01\/img-bcn-07.jpg 1276w\" sizes=\"auto, (max-width: 1024px) 100vw, 1024px\" \/><\/figure>\n<\/div>\n\n\n\n<div class=\"wp-block-column is-layout-flow wp-block-column-is-layout-flow\" style=\"flex-basis:33.33%\">\n<h6 class=\"wp-block-heading\">La Pedrera<\/h6>\n\n\n\n<p>Casa Mil\u00e0 , populairement appel\u00e9e La Pedrera, est un b\u00e2timent moderniste con\u00e7u par l&rsquo;architecte Antoni Gaud\u00ed, construit entre 1906 et 1910 dans le quartier Ensanche de Barcelone, au num\u00e9ro 92 Paseo de Gracia.<\/p>\n\n\n\n<p>Vous pouvez vous y rendre \u00e0 pied en faisant 15 minutes de marche ou en m\u00e9tro en utilisant la ligne de m\u00e9tro L3 .<\/p>\n<\/div>\n<\/div>\n<\/div><\/div>\n\n\n\n<div data-tab=\"slide-4\" class=\"wp-swiper__slide swiper-slide\"><div class=\"wp-swiper__overlay-color\" style=\"background-color:rgba(0, 0, 0, 0)\"><\/div><div class=\"wp-swiper__slide-content\">\n<div class=\"wp-block-columns is-layout-flex wp-container-core-columns-is-layout-28f84493 wp-block-columns-is-layout-flex\">\n<div class=\"wp-block-column is-layout-flow wp-block-column-is-layout-flow\" style=\"flex-basis:66.66%\">\n<figure class=\"wp-block-image size-large\"><img loading=\"lazy\" decoding=\"async\" width=\"1024\" height=\"683\" src=\"https:\/\/augustabarcelona.com\/wp-content\/uploads\/2022\/01\/img-bcn-08-1024x683.jpg\" alt=\"\" class=\"wp-image-753\" srcset=\"https:\/\/augustabarcelona.com\/wp-content\/uploads\/2022\/01\/img-bcn-08-1024x683.jpg 1024w, https:\/\/augustabarcelona.com\/wp-content\/uploads\/2022\/01\/img-bcn-08-300x200.jpg 300w, https:\/\/augustabarcelona.com\/wp-content\/uploads\/2022\/01\/img-bcn-08-768x512.jpg 768w, https:\/\/augustabarcelona.com\/wp-content\/uploads\/2022\/01\/img-bcn-08.jpg 1276w\" sizes=\"auto, (max-width: 1024px) 100vw, 1024px\" \/><\/figure>\n<\/div>\n\n\n\n<div class=\"wp-block-column is-layout-flow wp-block-column-is-layout-flow\" style=\"flex-basis:33.33%\">\n<h6 class=\"wp-block-heading\">Mercat de la Boqueria<\/h6>\n\n\n\n<p>Le Mercado de la Boqueria , plus connu sous le nom de La Boquer\u00eda , est un march\u00e9 municipal situ\u00e9 sur la Rambla \u00e0 Barcelone.<\/p>\n\n\n\n<p>En plus d&rsquo;\u00eatre un endroit o\u00f9 l&rsquo;on peut acheter toutes sortes de produits frais, c&rsquo;est aussi une attraction touristique.<\/p>\n\n\n\n<p>Vous pouvez vous y rendre \u00e0 pied en faisant 35 minutes de marche ou en utilisant la ligne de m\u00e9tro L3.<\/p>\n<\/div>\n<\/div>\n<\/div><\/div>\n\n\n\n<div data-tab=\"slide-5\" class=\"wp-swiper__slide swiper-slide\"><div class=\"wp-swiper__overlay-color\" style=\"background-color:rgba(0, 0, 0, 0)\"><\/div><div class=\"wp-swiper__slide-content\">\n<div class=\"wp-block-columns is-layout-flex wp-container-core-columns-is-layout-28f84493 wp-block-columns-is-layout-flex\">\n<div class=\"wp-block-column is-layout-flow wp-block-column-is-layout-flow\" style=\"flex-basis:66.66%\">\n<figure class=\"wp-block-image size-large\"><img loading=\"lazy\" decoding=\"async\" width=\"1024\" height=\"683\" src=\"https:\/\/augustabarcelona.com\/wp-content\/uploads\/2022\/01\/img-bcn-06-1024x683.jpg\" alt=\"\" class=\"wp-image-751\" srcset=\"https:\/\/augustabarcelona.com\/wp-content\/uploads\/2022\/01\/img-bcn-06-1024x683.jpg 1024w, https:\/\/augustabarcelona.com\/wp-content\/uploads\/2022\/01\/img-bcn-06-300x200.jpg 300w, https:\/\/augustabarcelona.com\/wp-content\/uploads\/2022\/01\/img-bcn-06-768x512.jpg 768w, https:\/\/augustabarcelona.com\/wp-content\/uploads\/2022\/01\/img-bcn-06.jpg 1276w\" sizes=\"auto, (max-width: 1024px) 100vw, 1024px\" \/><\/figure>\n<\/div>\n\n\n\n<div class=\"wp-block-column is-layout-flow wp-block-column-is-layout-flow\" style=\"flex-basis:33.33%\">\n<h6 class=\"wp-block-heading\">Casa Batll\u00f3<\/h6>\n\n\n\n<p>La Casa Batll\u00f3 est un b\u00e2timent con\u00e7u par l&rsquo;architecte Antoni Gaud\u00ed, le plus grand repr\u00e9sentant du modernisme catalan.<\/p>\n\n\n\n<p>Il s&rsquo;agit d&rsquo;un remodelage complet d&rsquo;un b\u00e2timent pr\u00e9c\u00e9demment existant sur le site, con\u00e7u par Emilio Sala Cort\u00e9s.<\/p>\n\n\n\n<p>Il est accessible en 25 minutes \u00e0 pied ou en m\u00e9tro sur la ligne L3.<\/p>\n<\/div>\n<\/div>\n<\/div><\/div>\n\n\n\n<div data-tab=\"slide-6\" class=\"wp-swiper__slide swiper-slide\"><div class=\"wp-swiper__overlay-color\" style=\"background-color:rgba(0, 0, 0, 0)\"><\/div><div class=\"wp-swiper__slide-content\">\n<div class=\"wp-block-columns is-layout-flex wp-container-core-columns-is-layout-28f84493 wp-block-columns-is-layout-flex\">\n<div class=\"wp-block-column is-layout-flow wp-block-column-is-layout-flow\" style=\"flex-basis:66.66%\">\n<figure class=\"wp-block-image size-large\"><img loading=\"lazy\" decoding=\"async\" width=\"1024\" height=\"683\" src=\"https:\/\/augustabarcelona.com\/wp-content\/uploads\/2022\/01\/img-bcn-01-1024x683.jpg\" alt=\"\" class=\"wp-image-746\" srcset=\"https:\/\/augustabarcelona.com\/wp-content\/uploads\/2022\/01\/img-bcn-01-1024x683.jpg 1024w, https:\/\/augustabarcelona.com\/wp-content\/uploads\/2022\/01\/img-bcn-01-300x200.jpg 300w, https:\/\/augustabarcelona.com\/wp-content\/uploads\/2022\/01\/img-bcn-01-768x512.jpg 768w, https:\/\/augustabarcelona.com\/wp-content\/uploads\/2022\/01\/img-bcn-01.jpg 1276w\" sizes=\"auto, (max-width: 1024px) 100vw, 1024px\" \/><\/figure>\n<\/div>\n\n\n\n<div class=\"wp-block-column is-layout-flow wp-block-column-is-layout-flow\" style=\"flex-basis:33.33%\">\n<h6 class=\"wp-block-heading\">Pla\u00e7a Catalunya<\/h6>\n\n\n\n<p>La Pla\u00e7a de Catalunya est une place centrale de Barcelone, l&rsquo;un des centres n\u00e9vralgiques de la ville.<\/p>\n\n\n\n<p>Il a une superficie de 5 hectares, c&rsquo;est l&rsquo;union entre le centre de la vieille ville et l&rsquo;Ensanche.<\/p>\n\n\n\n<p>Il est accessible en 30 minutes de marche ou par les trois lignes L6 &#8211; L7 &#8211; S1 &#8211; S2.<\/p>\n<\/div>\n<\/div>\n<\/div><\/div>\n\n\n\n<div data-tab=\"slide-7\" class=\"wp-swiper__slide swiper-slide\"><div class=\"wp-swiper__overlay-color\" style=\"background-color:rgba(0, 0, 0, 0)\"><\/div><div class=\"wp-swiper__slide-content\">\n<div class=\"wp-block-columns is-layout-flex wp-container-core-columns-is-layout-28f84493 wp-block-columns-is-layout-flex\">\n<div class=\"wp-block-column is-layout-flow wp-block-column-is-layout-flow\" style=\"flex-basis:66.66%\">\n<figure class=\"wp-block-image size-large\"><img loading=\"lazy\" decoding=\"async\" width=\"1024\" height=\"683\" src=\"https:\/\/augustabarcelona.com\/wp-content\/uploads\/2022\/01\/img-bcn-04-1024x683.jpg\" alt=\"\" class=\"wp-image-749\" srcset=\"https:\/\/augustabarcelona.com\/wp-content\/uploads\/2022\/01\/img-bcn-04-1024x683.jpg 1024w, https:\/\/augustabarcelona.com\/wp-content\/uploads\/2022\/01\/img-bcn-04-300x200.jpg 300w, https:\/\/augustabarcelona.com\/wp-content\/uploads\/2022\/01\/img-bcn-04-768x512.jpg 768w, https:\/\/augustabarcelona.com\/wp-content\/uploads\/2022\/01\/img-bcn-04.jpg 1276w\" sizes=\"auto, (max-width: 1024px) 100vw, 1024px\" \/><\/figure>\n<\/div>\n\n\n\n<div class=\"wp-block-column is-layout-flow wp-block-column-is-layout-flow\" style=\"flex-basis:33.33%\">\n<h6 class=\"wp-block-heading\">Montju\u00efc<\/h6>\n\n\n\n<p>Montjuic ou Montjuich est une montagne de Barcelone, d&rsquo;une hauteur de 173 m\u00e8tres au dessus du niveau de la mer, qui abrite un quartier du m\u00eame nom, dans le quartier de Sants-Montjuic .<\/p>\n\n\n\n<p>Vous pouvez vous y rendre \u00e0 pied avec une marche d&rsquo;environ 60 minutes ou avec la ligne de m\u00e9tro L3.<\/p>\n<\/div>\n<\/div>\n<\/div><\/div>\n\n\n\n<div data-tab=\"slide-8\" class=\"wp-swiper__slide swiper-slide\"><div class=\"wp-swiper__overlay-color\" style=\"background-color:rgba(0, 0, 0, 0)\"><\/div><div class=\"wp-swiper__slide-content\">\n<div class=\"wp-block-columns is-layout-flex wp-container-core-columns-is-layout-28f84493 wp-block-columns-is-layout-flex\">\n<div class=\"wp-block-column is-layout-flow wp-block-column-is-layout-flow\" style=\"flex-basis:66.66%\">\n<figure class=\"wp-block-image size-large\"><img loading=\"lazy\" decoding=\"async\" width=\"1024\" height=\"683\" src=\"https:\/\/augustabarcelona.com\/wp-content\/uploads\/2022\/01\/img-bcn-03-1024x683.jpg\" alt=\"\" class=\"wp-image-748\" srcset=\"https:\/\/augustabarcelona.com\/wp-content\/uploads\/2022\/01\/img-bcn-03-1024x683.jpg 1024w, https:\/\/augustabarcelona.com\/wp-content\/uploads\/2022\/01\/img-bcn-03-300x200.jpg 300w, https:\/\/augustabarcelona.com\/wp-content\/uploads\/2022\/01\/img-bcn-03-768x512.jpg 768w, https:\/\/augustabarcelona.com\/wp-content\/uploads\/2022\/01\/img-bcn-03.jpg 1276w\" sizes=\"auto, (max-width: 1024px) 100vw, 1024px\" \/><\/figure>\n<\/div>\n\n\n\n<div class=\"wp-block-column is-layout-flow wp-block-column-is-layout-flow\" style=\"flex-basis:33.33%\">\n<h6 class=\"wp-block-heading\">Camp Nou<\/h6>\n\n\n\n<p>Le Camp Nou est un complexe sportif appartenant au Football Club Barcelona, situ\u00e9 dans le quartier de Les Corts dans la ville de Barcelone, en Espagne.<\/p>\n\n\n\n<p>Vous pouvez vous y rendre en bus avec le H8 et aussi en m\u00e9tro, en prenant la L3 puis la L5 jusqu&rsquo;\u00e0 Collblanc .<\/p>\n<\/div>\n<\/div>\n<\/div><\/div>\n<\/div><\/div><div class=\"wp_swiper__navigation\"><div class=\"wp_swiper__navigation-container\"><div class=\"swiper-button-prev \"><\/div><div class=\"swiper-button-next \"><\/div><\/div><\/div><\/div><\/div>\n<\/div><\/div>\n\n<div class=\"wp-block-columns alignfull is-layout-flex wp-container-core-columns-is-layout-28f84493 wp-block-columns-is-layout-flex\">\n<div class=\"wp-block-column pastillInf is-layout-flow wp-block-column-is-layout-flow\">\n<p><\/p>\n<\/div>\n<\/div>\n\n<div style=\"height:80px\" aria-hidden=\"true\" class=\"wp-block-spacer\"><\/div>\n\n<div class=\"wp-block-columns alignfull is-layout-flex wp-container-core-columns-is-layout-28f84493 wp-block-columns-is-layout-flex\">\n<div class=\"wp-block-column imgInf is-layout-flow wp-block-column-is-layout-flow\">\n<figure class=\"wp-block-image alignfull size-full imgInf\"><img loading=\"lazy\" decoding=\"async\" width=\"2180\" height=\"602\" src=\"https:\/\/augustabarcelona.com\/wp-content\/uploads\/2021\/12\/augusta-hor.jpg\" alt=\"\" class=\"wp-image-304\" srcset=\"https:\/\/augustabarcelona.com\/wp-content\/uploads\/2021\/12\/augusta-hor.jpg 2180w, https:\/\/augustabarcelona.com\/wp-content\/uploads\/2021\/12\/augusta-hor-300x83.jpg 300w, https:\/\/augustabarcelona.com\/wp-content\/uploads\/2021\/12\/augusta-hor-1024x283.jpg 1024w, https:\/\/augustabarcelona.com\/wp-content\/uploads\/2021\/12\/augusta-hor-768x212.jpg 768w, https:\/\/augustabarcelona.com\/wp-content\/uploads\/2021\/12\/augusta-hor-1536x424.jpg 1536w, https:\/\/augustabarcelona.com\/wp-content\/uploads\/2021\/12\/augusta-hor-2048x566.jpg 2048w\" sizes=\"auto, (max-width: 2180px) 100vw, 2180px\" \/><\/figure>\n<\/div>\n<\/div>\n\n<a target=\"_blank\" href=\"https:\/\/direct-book.com\/properties\/augustabarcelonadirect?locale=es&#038;referrer=canvas\" rel=\"noopener\"><div class=\"bookAcc\">RESERVAR<\/div><\/a>\r\n","protected":false},"excerpt":{"rendered":"<p>Bienvenue \u00e0l&rsquo;Aparthotel AugustaBarcelona Profitez de l&rsquo;h\u00e9bergement dans cet aparthotel. \u2014\u2014\u2014 APARTAMENTOS Fecha llegada: Fecha Salida: adultos: 012345678910 ni\u00f1os: 012345678910 Appartements TODOS LOS APARTAMENTOS Barcelone RESERVAR<\/p>\n","protected":false},"author":1,"featured_media":0,"parent":0,"menu_order":0,"comment_status":"closed","ping_status":"open","template":"","meta":{"site-sidebar-layout":"default","site-content-layout":"","ast-site-content-layout":"default","site-content-style":"default","site-sidebar-style":"default","ast-global-header-display":"","ast-banner-title-visibility":"","ast-main-header-display":"","ast-hfb-above-header-display":"","ast-hfb-below-header-display":"","ast-hfb-mobile-header-display":"","site-post-title":"disabled","ast-breadcrumbs-content":"","ast-featured-img":"","footer-sml-layout":"","theme-transparent-header-meta":"","adv-header-id-meta":"","stick-header-meta":"","header-above-stick-meta":"","header-main-stick-meta":"","header-below-stick-meta":"","astra-migrate-meta-layouts":"default","ast-page-background-enabled":"default","ast-page-background-meta":{"desktop":{"background-color":"var(--ast-global-color-4)","background-image":"","background-repeat":"repeat","background-position":"center center","background-size":"auto","background-attachment":"scroll","background-type":"","background-media":"","overlay-type":"","overlay-color":"","overlay-opacity":"","overlay-gradient":""},"tablet":{"background-color":"","background-image":"","background-repeat":"repeat","background-position":"center center","background-size":"auto","background-attachment":"scroll","background-type":"","background-media":"","overlay-type":"","overlay-color":"","overlay-opacity":"","overlay-gradient":""},"mobile":{"background-color":"","background-image":"","background-repeat":"repeat","background-position":"center center","background-size":"auto","background-attachment":"scroll","background-type":"","background-media":"","overlay-type":"","overlay-color":"","overlay-opacity":"","overlay-gradient":""}},"ast-content-background-meta":{"desktop":{"background-color":"var(--ast-global-color-5)","background-image":"","background-repeat":"repeat","background-position":"center center","background-size":"auto","background-attachment":"scroll","background-type":"","background-media":"","overlay-type":"","overlay-color":"","overlay-opacity":"","overlay-gradient":""},"tablet":{"background-color":"var(--ast-global-color-5)","background-image":"","background-repeat":"repeat","background-position":"center center","background-size":"auto","background-attachment":"scroll","background-type":"","background-media":"","overlay-type":"","overlay-color":"","overlay-opacity":"","overlay-gradient":""},"mobile":{"background-color":"var(--ast-global-color-5)","background-image":"","background-repeat":"repeat","background-position":"center center","background-size":"auto","background-attachment":"scroll","background-type":"","background-media":"","overlay-type":"","overlay-color":"","overlay-opacity":"","overlay-gradient":""}},"footnotes":""},"class_list":["post-1196","page","type-page","status-publish","hentry"],"_links":{"self":[{"href":"https:\/\/augustabarcelona.com\/fr\/index.php?rest_route=\/wp\/v2\/pages\/1196","targetHints":{"allow":["GET"]}}],"collection":[{"href":"https:\/\/augustabarcelona.com\/fr\/index.php?rest_route=\/wp\/v2\/pages"}],"about":[{"href":"https:\/\/augustabarcelona.com\/fr\/index.php?rest_route=\/wp\/v2\/types\/page"}],"author":[{"embeddable":true,"href":"https:\/\/augustabarcelona.com\/fr\/index.php?rest_route=\/wp\/v2\/users\/1"}],"replies":[{"embeddable":true,"href":"https:\/\/augustabarcelona.com\/fr\/index.php?rest_route=%2Fwp%2Fv2%2Fcomments&post=1196"}],"version-history":[{"count":3,"href":"https:\/\/augustabarcelona.com\/fr\/index.php?rest_route=\/wp\/v2\/pages\/1196\/revisions"}],"predecessor-version":[{"id":13806,"href":"https:\/\/augustabarcelona.com\/fr\/index.php?rest_route=\/wp\/v2\/pages\/1196\/revisions\/13806"}],"wp:attachment":[{"href":"https:\/\/augustabarcelona.com\/fr\/index.php?rest_route=%2Fwp%2Fv2%2Fmedia&parent=1196"}],"curies":[{"name":"wp","href":"https:\/\/api.w.org\/{rel}","templated":true}]}}